{"id":68,"date":"2024-07-05T19:37:32","date_gmt":"2024-07-05T17:37:32","guid":{"rendered":"https:\/\/salon-camping-car-lapalmyre.fr\/?page_id=68"},"modified":"2026-01-20T16:22:21","modified_gmt":"2026-01-20T15:22:21","slug":"accueil","status":"publish","type":"page","link":"https:\/\/expo-camping-car-monbazillac.fr\/","title":{"rendered":"Accueil"},"content":{"rendered":"<div class=\"wpb-content-wrapper\"><p>[vc_row css=\u00a0\u00bb.vc_custom_1704972753066{margin-top: 0px !important;padding-top: 0px !important;}\u00a0\u00bb][vc_column css=\u00a0\u00bb.vc_custom_1704982012939{margin-top: 0px !important;margin-bottom: 0px !important;padding-top: 10px !important;padding-bottom: 0px !important;}\u00a0\u00bb][vc_row_inner css=\u00a0\u00bb.vc_custom_1533019627673{margin-top: 0px !important;margin-bottom: 40px !important;padding-top: 0px !important;padding-bottom: 0px !important;}\u00a0\u00bb][vc_column_inner el_class=\u00a0\u00bbtitle-section2&Prime; width=\u00a0\u00bb1\/3&Prime; css=\u00a0\u00bb.vc_custom_1533019636971{margin-top: 0px !important;padding-top: 0px !important;}\u00a0\u00bb][vc_single_image image=\u00a0\u00bb676&Prime; img_size=\u00a0\u00bbfull\u00a0\u00bb css=\u00a0\u00bb.vc_custom_1768138840617{padding-top: 0px !important;padding-bottom: 0px !important;}\u00a0\u00bb][vc_custom_heading text=\u00a0\u00bbPremi\u00e8re \u00e9dition de l&rsquo;Expo Camping-Car au Ch\u00e2teau De Monbazillac\u00a0\u00bb font_container=\u00a0\u00bbtag:h2|font_size:20px|text_align:left|color:%239c52bb\u00a0\u00bb google_fonts=\u00a0\u00bbfont_family:Roboto%3A100%2C100italic%2C300%2C300italic%2Cregular%2Citalic%2C500%2C500italic%2C700%2C700italic%2C900%2C900italic|font_style:500%20bold%20regular%3A500%3Anormal\u00a0\u00bb css=\u00a0\u00bb.vc_custom_1768169930395{margin-top: 0px !important;padding-top: 0px !important;padding-bottom: 0px !important;}\u00a0\u00bb][vc_column_text css=\u00a0\u00bb\u00a0\u00bb]<\/p>\n<p style=\"text-align: left;\"><strong>Du 19 au 22 f\u00e9vrier au Ch\u00e2teau Monbazillac<\/strong>, venez d\u00e9couvrir 120 v\u00e9hicules de loisirs pour tous \u00e0 <strong>conditions exceptionnelles !<\/strong><\/p>\n<ul>\n<li>Camping-cars, vans, fourgons, caravanes <strong>neufs et d&rsquo;occasion.<\/strong><\/li>\n<li>Les nouveaut\u00e9s : implantations, motorisations, s\u00e9ries limit\u00e9es&#8230;<\/li>\n<li>Press\u00e9 ? D\u00e9couvrez les<b> mod\u00e8les pr\u00eats \u00e0 partir <\/b>pour le printemps.<\/li>\n<li><strong>Financement<\/strong> sur place \u00ab\u00a0<strong>sp\u00e9cial Passion Camping-car<\/strong>\u00ab\u00a0.<\/li>\n<li><em><strong>OUVERT DIMANCHE\u00a0<\/strong><\/em><\/li>\n<\/ul>\n<p>[\/vc_column_text][\/vc_column_inner][vc_column_inner el_class=\u00a0\u00bbtitle-section2&Prime; width=\u00a0\u00bb1\/3&Prime; css=\u00a0\u00bb.vc_custom_1533019642545{margin-top: 0px !important;padding-top: 0px !important;}\u00a0\u00bb][vc_single_image image=\u00a0\u00bb677&Prime; img_size=\u00a0\u00bbfull\u00a0\u00bb css=\u00a0\u00bb.vc_custom_1768138933000{padding-top: 0px !important;padding-bottom: 0px !important;}\u00a0\u00bb][vc_custom_heading text=\u00a0\u00bbGrand choix d&rsquo;occasions pour tous les budgets\u00a0\u00bb font_container=\u00a0\u00bbtag:h2|font_size:20px|text_align:left|color:%239c52bb\u00a0\u00bb google_fonts=\u00a0\u00bbfont_family:Roboto%3A100%2C100italic%2C300%2C300italic%2Cregular%2Citalic%2C500%2C500italic%2C700%2C700italic%2C900%2C900italic|font_style:500%20bold%20regular%3A500%3Anormal\u00a0\u00bb css=\u00a0\u00bb.vc_custom_1768169999901{margin-top: 0px !important;padding-top: 0px !important;padding-bottom: 0px !important;}\u00a0\u00bb][vc_column_text css=\u00a0\u00bb\u00a0\u00bb]<\/p>\n<ul>\n<li><strong>Conditions sp\u00e9ciales : packs, remises&#8230;<\/strong><\/li>\n<li><strong>Mod\u00e8les d\u2019occasions r\u00e9vis\u00e9s et garantis par des professionnels.<\/strong><\/li>\n<li>Lits centraux, lits jumeaux, lits pavillon, \u00e0 la fran\u00e7aise&#8230;<\/li>\n<li>Grand <strong>choix d&rsquo;implantations, de motorisations<\/strong> pour des voyages en couple ou en famille.<\/li>\n<li>Trouvez l&rsquo;int\u00e9gral, le profil\u00e9, la capucine ou le van <strong>adapt\u00e9 \u00e0 votre budget.<\/strong><\/li>\n<\/ul>\n<p>[\/vc_column_text][\/vc_column_inner][vc_column_inner el_class=\u00a0\u00bbtitle-section2&Prime; width=\u00a0\u00bb1\/3&Prime; css=\u00a0\u00bb.vc_custom_1533019647552{margin-top: 0px !important;padding-top: 0px !important;}\u00a0\u00bb][vc_single_image image=\u00a0\u00bb705&Prime; img_size=\u00a0\u00bbfull\u00a0\u00bb css=\u00a0\u00bb.vc_custom_1768157667053{padding-top: 0px !important;padding-bottom: 0px !important;}\u00a0\u00bb][vc_custom_heading text=\u00a0\u00bbUn rendez-vous de f\u00eate et de plaisirs\u00a0\u00bb font_container=\u00a0\u00bbtag:h2|font_size:20px|text_align:left|color:%239c52bb\u00a0\u00bb google_fonts=\u00a0\u00bbfont_family:Roboto%3A100%2C100italic%2C300%2C300italic%2Cregular%2Citalic%2C500%2C500italic%2C700%2C700italic%2C900%2C900italic|font_style:500%20bold%20regular%3A500%3Anormal\u00a0\u00bb css=\u00a0\u00bb.vc_custom_1768170142506{margin-top: 0px !important;padding-top: 0px !important;padding-bottom: 0px !important;}\u00a0\u00bb][vc_column_text css=\u00a0\u00bb\u00a0\u00bb]<\/p>\n<ul>\n<li><a href=\"https:\/\/expo-camping-car-monbazillac.fr\/index.php\/invitation-soiree\/\">Grande soir\u00e9e avec <strong>d\u00eener-concert vendredi 20 f\u00e9vrier<\/strong><\/a> : nombre de places limit\u00e9 : pensez \u00e0 r\u00e9server !<\/li>\n<li><strong>Tirage au sort<\/strong> : un v\u00e9lo \u00e0 assistance \u00e9lectrique \u00e0 gagner !<\/li>\n<li><strong>D\u00e9gustation<\/strong> d&rsquo;hu\u00eetres et de produits du terroir.<\/li>\n<li><strong>D\u00e9gustation<\/strong> de vins de Monbazillac (l&rsquo;abus d&rsquo;alcool est dangereux pour la sant\u00e9: \u00e0 consommer avec mod\u00e9ration).<\/li>\n<li>Parking jour et nuit <strong>gratuit.<\/strong><\/li>\n<li>Nos <strong>amis les chiens<\/strong> sont les bienvenus.<\/li>\n<li><strong><a href=\"https:\/\/expo-camping-car-monbazillac.fr\/index.php\/invitation\/\">Entr\u00e9e 3 \u20ac : gratuite sur pr\u00e9sentation de l&rsquo;invitation<\/a><\/strong><\/li>\n<\/ul>\n<p>[\/vc_column_text][\/vc_column_inner][\/vc_row_inner][\/vc_column][\/vc_row][vc_row gap=\u00a0\u00bb20&Prime; el_class=\u00a0\u00bbcontact\u00a0\u00bb css=\u00a0\u00bb.vc_custom_1688391629937{padding-top: 20px !important;background-color: #ffffff !important;}\u00a0\u00bb][vc_column width=\u00a0\u00bb1\/4&Prime; css=\u00a0\u00bb.vc_custom_1688391717311{margin-top: 0px !important;margin-right: 0px !important;margin-left: 0px !important;border-top-width: 1px !important;border-right-width: 1px !important;border-bottom-width: 1px !important;border-left-width: 1px !important;padding-top: 0px !important;padding-right: 10px !important;padding-left: 10px !important;border-left-color: #e5e5e5 !important;border-left-style: none !important;border-right-color: #e5e5e5 !important;border-right-style: none !important;border-top-color: #e5e5e5 !important;border-top-style: none !important;border-bottom-color: #e5e5e5 !important;border-bottom-style: none !important;}\u00a0\u00bb][vc_icon icon_fontawesome=\u00a0\u00bbfas fa-car\u00a0\u00bb color=\u00a0\u00bbcustom\u00a0\u00bb background_style=\u00a0\u00bbrounded\u00a0\u00bb background_color=\u00a0\u00bbcustom\u00a0\u00bb align=\u00a0\u00bbcenter\u00a0\u00bb css_animation=\u00a0\u00bbbounceInLeft\u00a0\u00bb css=\u00a0\u00bb.vc_custom_1768922145994{margin-top: 0px !important;padding-top: 20px !important;}\u00a0\u00bb custom_background_color=\u00a0\u00bb#662483&Prime; custom_color=\u00a0\u00bb#ffffff\u00a0\u00bb link=\u00a0\u00bburl:https%3A%2F%2Fexpo-camping-car-monbazillac.fr%2Findex.php%2Fplan-dacces-contact%2F|title:Plan%20d%E2%80%99acc%C3%A8s%20%26%20contact\u00a0\u00bb][vc_column_text css=\u00a0\u00bb.vc_custom_1768157358882{padding-bottom: 20px !important;}\u00a0\u00bb]<\/p>\n<p style=\"text-align: center;\">Parking gratuit<br \/>\njour et nuit[\/vc_column_text][\/vc_column][vc_column width=\u00a0\u00bb1\/4&Prime; css=\u00a0\u00bb.vc_custom_1688391791512{margin-top: 0px !important;margin-right: 0px !important;margin-left: 0px !important;border-top-width: 1px !important;border-right-width: 1px !important;border-bottom-width: 1px !important;border-left-width: 1px !important;padding-top: 0px !important;border-left-color: #e5e5e5 !important;border-left-style: none !important;border-right-color: #e5e5e5 !important;border-right-style: none !important;border-top-color: #e5e5e5 !important;border-top-style: none !important;border-bottom-color: #e5e5e5 !important;border-bottom-style: none !important;}\u00a0\u00bb][vc_icon icon_fontawesome=\u00a0\u00bbfas fa-map-marker-alt\u00a0\u00bb color=\u00a0\u00bbcustom\u00a0\u00bb background_style=\u00a0\u00bbrounded\u00a0\u00bb background_color=\u00a0\u00bbcustom\u00a0\u00bb align=\u00a0\u00bbcenter\u00a0\u00bb css_animation=\u00a0\u00bbbounceInDown\u00a0\u00bb css=\u00a0\u00bb.vc_custom_1768407507396{margin-top: 0px !important;padding-top: 20px !important;}\u00a0\u00bb custom_color=\u00a0\u00bb#ffffff\u00a0\u00bb custom_background_color=\u00a0\u00bb#662483&Prime; link=\u00a0\u00bburl:https%3A%2F%2Fexpo-camping-car-monbazillac.fr%2Findex.php%2Fplan-dacces-contact%2F|title:Plan%20d%E2%80%99acc%C3%A8s%20%26%20contact\u00a0\u00bb][vc_column_text css=\u00a0\u00bb\u00a0\u00bb]<\/p>\n<p style=\"text-align: center;\"><strong>Ch\u00e2teau Monbazillac<\/strong><br \/>\n4 route du Ch\u00e2teau \u2013\u00a0<a href=\"https:\/\/www.bing.com\/ck\/a?!&amp;&amp;p=a57b4fb0cd2e6ac0185fd39d322f067ffcf1a07f89ef33e16d96d66e298a873dJmltdHM9MTc2ODA4OTYwMA&amp;ptn=3&amp;ver=2&amp;hsh=4&amp;fclid=177632ed-c10b-60fd-2b21-2661c00d61ed&amp;u=a1L21hcHM_Jm1lcGk9MH5-RW1iZWRkZWR-QWRkcmVzc19MaW5rJnR5PTE4JnE9Q2glQzMlQTJ0ZWF1JTIwZGUlMjBNb25iYXppbGxhYyZzcz15cGlkLllORkFBNUJFMUYwREM2MDZFRCZwcG9pcz00NC43OTY3MjYyMjY4MDY2NF8wLjQ5NDEzMTQ3NTY4NzAyN19DaCVDMyVBMnRlYXUlMjBkZSUyME1vbmJhemlsbGFjX1lORkFBNUJFMUYwREM2MDZFRH4mY3A9NDQuNzk2NzI2fjAuNDk0MTMxJnY9MiZzVj0xJkZPUk09TVBTUlBM&amp;ntb=1\" target=\"_blank\" rel=\"noopener\">24240 Monbazillac<\/a><\/p>\n<p style=\"text-align: center;\">contact@expo-camping-car-monbazillac.fr<\/p>\n<p>[\/vc_column_text][\/vc_column][vc_column width=\u00a0\u00bb1\/4&Prime; css=\u00a0\u00bb.vc_custom_1688391800338{margin-top: 0px !important;margin-right: 5px !important;margin-left: 5px !important;border-top-width: 1px !important;border-right-width: 1px !important;border-bottom-width: 1px !important;border-left-width: 1px !important;padding-top: 0px !important;border-left-color: #e5e5e5 !important;border-left-style: none !important;border-right-color: #e5e5e5 !important;border-right-style: none !important;border-top-color: #e5e5e5 !important;border-top-style: none !important;border-bottom-color: #e5e5e5 !important;border-bottom-style: none !important;}\u00a0\u00bb][vc_icon icon_fontawesome=\u00a0\u00bbfas fa-history\u00a0\u00bb color=\u00a0\u00bbcustom\u00a0\u00bb background_style=\u00a0\u00bbrounded\u00a0\u00bb background_color=\u00a0\u00bbcustom\u00a0\u00bb align=\u00a0\u00bbcenter\u00a0\u00bb css_animation=\u00a0\u00bbbounceInUp\u00a0\u00bb css=\u00a0\u00bb.vc_custom_1744121254892{margin-top: 0px !important;padding-top: 20px !important;}\u00a0\u00bb custom_color=\u00a0\u00bb#ffffff\u00a0\u00bb custom_background_color=\u00a0\u00bb#662483&Prime;][vc_column_text css=\u00a0\u00bb\u00a0\u00bb]<\/p>\n<p style=\"text-align: center;\">Du 19 au 22 f\u00e9vrier 2026<br \/>\nDe 9h \u00e0 18h non stop[\/vc_column_text][\/vc_column][vc_column width=\u00a0\u00bb1\/4&Prime; css=\u00a0\u00bb.vc_custom_1688391815448{margin-top: 0px !important;margin-right: 5px !important;margin-left: 5px !important;border-top-width: 1px !important;border-right-width: 1px !important;border-bottom-width: 1px !important;border-left-width: 1px !important;padding-top: 0px !important;border-left-color: #e5e5e5 !important;border-left-style: none !important;border-right-color: #e5e5e5 !important;border-right-style: none !important;border-top-color: #e5e5e5 !important;border-top-style: none !important;border-bottom-color: #e5e5e5 !important;border-bottom-style: none !important;}\u00a0\u00bb][vc_icon icon_fontawesome=\u00a0\u00bbfab fa-facebook\u00a0\u00bb color=\u00a0\u00bbcustom\u00a0\u00bb background_style=\u00a0\u00bbrounded\u00a0\u00bb background_color=\u00a0\u00bbcustom\u00a0\u00bb align=\u00a0\u00bbcenter\u00a0\u00bb css_animation=\u00a0\u00bbbounceInUp\u00a0\u00bb css=\u00a0\u00bb.vc_custom_1768921074607{margin-top: 0px !important;padding-top: 20px !important;}\u00a0\u00bb custom_color=\u00a0\u00bb#ffffff\u00a0\u00bb custom_background_color=\u00a0\u00bb#662483&Prime; link=\u00a0\u00bburl:%20https%3A%2F%2Fwww.facebook.com%2Fprofile.php%3Fid%3D61586324914146|title:Rejoignez%20nous%20sur%20Facebook%20|target:_blank\u00a0\u00bb][vc_column_text css=\u00a0\u00bb\u00a0\u00bb]<\/p>\n<p style=\"text-align: center;\">Rejoignez nous sur Facebook pour b\u00e9n\u00e9ficier des infos de derni\u00e8res minutes<\/p>\n<p>[\/vc_column_text][\/vc_column][\/vc_row]<\/p>\n<\/div>","protected":false},"excerpt":{"rendered":"<p>[vc_row css=\u00a0\u00bb.vc_custom_1704972753066{margin-top: 0px !important;padding-top: 0px !important;}\u00a0\u00bb][vc_column css=\u00a0\u00bb.vc_custom_1704982012939{margin-top: 0px !important;margin-bottom: 0px !important;padding-top: 10px !important;padding-bottom: 0px !important;}\u00a0\u00bb][vc_row_inner css=\u00a0\u00bb.vc_custom_1533019627673{margin-top: 0px !important;margin-bottom: 40px !important;padding-top: 0px !important;padding-bottom: 0px !important;}\u00a0\u00bb][vc_column_inner el_class=\u00a0\u00bbtitle-section2&Prime; width=\u00a0\u00bb1\/3&Prime; css=\u00a0\u00bb.vc_custom_1533019636971{margin-top: 0px !important;padding-top: 0px !important;}\u00a0\u00bb][vc_single_image image=\u00a0\u00bb676&Prime; img_size=\u00a0\u00bbfull\u00a0\u00bb css=\u00a0\u00bb.vc_custom_1768138840617{padding-top: 0px !important;padding-bottom: 0px !important;}\u00a0\u00bb][vc_custom_heading text=\u00a0\u00bbPremi\u00e8re \u00e9dition de l&rsquo;Expo Camping-Car au Ch\u00e2teau De Monbazillac\u00a0\u00bb font_container=\u00a0\u00bbtag:h2|font_size:20px|text_align:left|color:%239c52bb\u00a0\u00bb google_fonts=\u00a0\u00bbfont_family:Roboto%3A100%2C100italic%2C300%2C300italic%2Cregular%2Citalic%2C500%2C500italic%2C700%2C700italic%2C900%2C900italic|font_style:500%20bold%20regular%3A500%3Anormal\u00a0\u00bb css=\u00a0\u00bb.vc_custom_1768169930395{margin-top: 0px !important;padding-top: 0px !important;padding-bottom: 0px !important;}\u00a0\u00bb][vc_column_text css=\u00a0\u00bb\u00a0\u00bb] Du 19 au 22 f\u00e9vrier [&hellip;]<\/p>\n","protected":false},"author":1,"featured_media":0,"parent":0,"menu_order":0,"comment_status":"closed","ping_status":"closed","template":"","meta":{"footnotes":""},"class_list":["post-68","page","type-page","status-publish","hentry"],"yoast_head":"<!-- This site is optimized with the Yoast SEO plugin v25.0 - https:\/\/yoast.com\/wordpress\/plugins\/seo\/ -->\n<title>ACCUEIL | EXPO CAMPING-CAR | MONBAZILLAC<\/title>\n<meta name=\"description\" content=\"Expo camping-car Monbazillac du 19 au 22 f\u00e9vrier 2026 au ch\u00e2teau de Monbazillac. D\u00e9couvrez les camping-cars et toutes les animations.\" \/>\n<meta name=\"robots\" content=\"index, follow, max-snippet:-1, max-image-preview:large, max-video-preview:-1\" \/>\n<link rel=\"canonical\" href=\"https:\/\/expo-camping-car-monbazillac.fr\/\" \/>\n<meta property=\"og:locale\" content=\"fr_FR\" \/>\n<meta property=\"og:type\" content=\"article\" \/>\n<meta property=\"og:title\" content=\"ACCUEIL | EXPO CAMPING-CAR | MONBAZILLAC\" \/>\n<meta property=\"og:description\" content=\"Expo camping-car Monbazillac du 19 au 22 f\u00e9vrier 2026 au ch\u00e2teau de Monbazillac. D\u00e9couvrez les camping-cars et toutes les animations.\" \/>\n<meta property=\"og:url\" content=\"https:\/\/expo-camping-car-monbazillac.fr\/\" \/>\n<meta property=\"og:site_name\" content=\"Expo Camping-Car Monbazillac\" \/>\n<meta property=\"article:publisher\" content=\"https:\/\/www.facebook.com\/profile.php?id=61561766056102\" \/>\n<meta property=\"article:modified_time\" content=\"2026-01-20T15:22:21+00:00\" \/>\n<meta name=\"twitter:card\" content=\"summary_large_image\" \/>\n<meta name=\"twitter:label1\" content=\"Dur\u00e9e de lecture estim\u00e9e\" \/>\n\t<meta name=\"twitter:data1\" content=\"4 minutes\" \/>\n<script type=\"application\/ld+json\" class=\"yoast-schema-graph\">{\"@context\":\"https:\/\/schema.org\",\"@graph\":[{\"@type\":\"WebPage\",\"@id\":\"https:\/\/expo-camping-car-monbazillac.fr\/\",\"url\":\"https:\/\/expo-camping-car-monbazillac.fr\/\",\"name\":\"ACCUEIL | EXPO CAMPING-CAR | MONBAZILLAC\",\"isPartOf\":{\"@id\":\"https:\/\/expo-camping-car-monbazillac.fr\/#website\"},\"datePublished\":\"2024-07-05T17:37:32+00:00\",\"dateModified\":\"2026-01-20T15:22:21+00:00\",\"description\":\"Expo camping-car Monbazillac du 19 au 22 f\u00e9vrier 2026 au ch\u00e2teau de Monbazillac. D\u00e9couvrez les camping-cars et toutes les animations.\",\"breadcrumb\":{\"@id\":\"https:\/\/expo-camping-car-monbazillac.fr\/#breadcrumb\"},\"inLanguage\":\"fr-FR\",\"potentialAction\":[{\"@type\":\"ReadAction\",\"target\":[\"https:\/\/expo-camping-car-monbazillac.fr\/\"]}]},{\"@type\":\"BreadcrumbList\",\"@id\":\"https:\/\/expo-camping-car-monbazillac.fr\/#breadcrumb\",\"itemListElement\":[{\"@type\":\"ListItem\",\"position\":1,\"name\":\"Accueil\",\"item\":\"https:\/\/expo-camping-car-monbazillac.fr\/\"},{\"@type\":\"ListItem\",\"position\":2,\"name\":\"Accueil\"}]},{\"@type\":\"WebSite\",\"@id\":\"https:\/\/expo-camping-car-monbazillac.fr\/#website\",\"url\":\"https:\/\/expo-camping-car-monbazillac.fr\/\",\"name\":\"Expo Camping-Car Monbazillac\",\"description\":\"Une grande expo de camping-cars \u00e0 Monbazillac\",\"potentialAction\":[{\"@type\":\"SearchAction\",\"target\":{\"@type\":\"EntryPoint\",\"urlTemplate\":\"https:\/\/expo-camping-car-monbazillac.fr\/?s={search_term_string}\"},\"query-input\":{\"@type\":\"PropertyValueSpecification\",\"valueRequired\":true,\"valueName\":\"search_term_string\"}}],\"inLanguage\":\"fr-FR\"}]}<\/script>\n<!-- \/ Yoast SEO plugin. -->","yoast_head_json":{"title":"ACCUEIL | EXPO CAMPING-CAR | MONBAZILLAC","description":"Expo camping-car Monbazillac du 19 au 22 f\u00e9vrier 2026 au ch\u00e2teau de Monbazillac. D\u00e9couvrez les camping-cars et toutes les animations.","robots":{"index":"index","follow":"follow","max-snippet":"max-snippet:-1","max-image-preview":"max-image-preview:large","max-video-preview":"max-video-preview:-1"},"canonical":"https:\/\/expo-camping-car-monbazillac.fr\/","og_locale":"fr_FR","og_type":"article","og_title":"ACCUEIL | EXPO CAMPING-CAR | MONBAZILLAC","og_description":"Expo camping-car Monbazillac du 19 au 22 f\u00e9vrier 2026 au ch\u00e2teau de Monbazillac. D\u00e9couvrez les camping-cars et toutes les animations.","og_url":"https:\/\/expo-camping-car-monbazillac.fr\/","og_site_name":"Expo Camping-Car Monbazillac","article_publisher":"https:\/\/www.facebook.com\/profile.php?id=61561766056102","article_modified_time":"2026-01-20T15:22:21+00:00","twitter_card":"summary_large_image","twitter_misc":{"Dur\u00e9e de lecture estim\u00e9e":"4 minutes"},"schema":{"@context":"https:\/\/schema.org","@graph":[{"@type":"WebPage","@id":"https:\/\/expo-camping-car-monbazillac.fr\/","url":"https:\/\/expo-camping-car-monbazillac.fr\/","name":"ACCUEIL | EXPO CAMPING-CAR | MONBAZILLAC","isPartOf":{"@id":"https:\/\/expo-camping-car-monbazillac.fr\/#website"},"datePublished":"2024-07-05T17:37:32+00:00","dateModified":"2026-01-20T15:22:21+00:00","description":"Expo camping-car Monbazillac du 19 au 22 f\u00e9vrier 2026 au ch\u00e2teau de Monbazillac. D\u00e9couvrez les camping-cars et toutes les animations.","breadcrumb":{"@id":"https:\/\/expo-camping-car-monbazillac.fr\/#breadcrumb"},"inLanguage":"fr-FR","potentialAction":[{"@type":"ReadAction","target":["https:\/\/expo-camping-car-monbazillac.fr\/"]}]},{"@type":"BreadcrumbList","@id":"https:\/\/expo-camping-car-monbazillac.fr\/#breadcrumb","itemListElement":[{"@type":"ListItem","position":1,"name":"Accueil","item":"https:\/\/expo-camping-car-monbazillac.fr\/"},{"@type":"ListItem","position":2,"name":"Accueil"}]},{"@type":"WebSite","@id":"https:\/\/expo-camping-car-monbazillac.fr\/#website","url":"https:\/\/expo-camping-car-monbazillac.fr\/","name":"Expo Camping-Car Monbazillac","description":"Une grande expo de camping-cars \u00e0 Monbazillac","potentialAction":[{"@type":"SearchAction","target":{"@type":"EntryPoint","urlTemplate":"https:\/\/expo-camping-car-monbazillac.fr\/?s={search_term_string}"},"query-input":{"@type":"PropertyValueSpecification","valueRequired":true,"valueName":"search_term_string"}}],"inLanguage":"fr-FR"}]}},"_links":{"self":[{"href":"https:\/\/expo-camping-car-monbazillac.fr\/index.php\/wp-json\/wp\/v2\/pages\/68","targetHints":{"allow":["GET"]}}],"collection":[{"href":"https:\/\/expo-camping-car-monbazillac.fr\/index.php\/wp-json\/wp\/v2\/pages"}],"about":[{"href":"https:\/\/expo-camping-car-monbazillac.fr\/index.php\/wp-json\/wp\/v2\/types\/page"}],"author":[{"embeddable":true,"href":"https:\/\/expo-camping-car-monbazillac.fr\/index.php\/wp-json\/wp\/v2\/users\/1"}],"replies":[{"embeddable":true,"href":"https:\/\/expo-camping-car-monbazillac.fr\/index.php\/wp-json\/wp\/v2\/comments?post=68"}],"version-history":[{"count":115,"href":"https:\/\/expo-camping-car-monbazillac.fr\/index.php\/wp-json\/wp\/v2\/pages\/68\/revisions"}],"predecessor-version":[{"id":817,"href":"https:\/\/expo-camping-car-monbazillac.fr\/index.php\/wp-json\/wp\/v2\/pages\/68\/revisions\/817"}],"wp:attachment":[{"href":"https:\/\/expo-camping-car-monbazillac.fr\/index.php\/wp-json\/wp\/v2\/media?parent=68"}],"curies":[{"name":"wp","href":"https:\/\/api.w.org\/{rel}","templated":true}]}}